{"id":186,"date":"2023-11-21T10:08:38","date_gmt":"2023-11-21T09:08:38","guid":{"rendered":"https:\/\/animacoeur.org\/?page_id=186"},"modified":"2025-03-03T18:01:27","modified_gmt":"2025-03-03T17:01:27","slug":"qui-sommes-nous","status":"publish","type":"page","link":"https:\/\/animacoeur.org\/index.php\/home\/qui-sommes-nous\/","title":{"rendered":"Qui Sommes-Nous ?"},"content":{"rendered":"\n<main class=\"wp-block-group main-front-page is-layout-constrained wp-block-group-is-layout-constrained\">\n<div class=\"wp-block-group alignfull wp-block-section wp-block-feature-content is-style-default has-background is-layout-constrained wp-block-group-is-layout-constrained\" style=\"background-color:#ebfdff\">\n<div class=\"wp-block-group wp-block-group-heading is-layout-flow wp-block-group-is-layout-flow\">\n<h2 class=\"wp-block-heading has-text-align-center\"> Qui sommes-nous ?<\/h2>\n\n\n\n<div class=\"wp-block-columns is-layout-flex wp-container-core-columns-is-layout-28f84493 wp-block-columns-is-layout-flex\">\n<div class=\"wp-block-column is-layout-flow wp-block-column-is-layout-flow\" style=\"flex-basis:100%\">\n<div class=\"wp-block-media-text is-stacked-on-mobile\"><figure class=\"wp-block-media-text__media\"><img loading=\"lazy\" decoding=\"async\" width=\"314\" height=\"249\" src=\"https:\/\/animacoeur.org\/wp-content\/uploads\/2023\/11\/lancementassoc.jpg\" alt=\"\" class=\"wp-image-197 size-full\" srcset=\"https:\/\/animacoeur.org\/wp-content\/uploads\/2023\/11\/lancementassoc.jpg 314w, https:\/\/animacoeur.org\/wp-content\/uploads\/2023\/11\/lancementassoc-300x238.jpg 300w\" sizes=\"auto, (max-width: 314px) 100vw, 314px\" \/><\/figure><div class=\"wp-block-media-text__content\">\n<p class=\"has-foreground-color has-text-color has-link-color has-medium-font-size wp-elements-c632831e5da791f20cc9cc89359d0aa3\">C\u2019\u00e9tait le 17 f\u00e9vrier 2011 \u00e0 la Salle des F\u00eates de Courbevoie.<\/p>\n\n\n\n<p class=\"has-foreground-color has-text-color has-link-color has-medium-font-size wp-elements-e7a5087d377cd7bc46d0dbadf039ae20\">Un beau lancement pour&nbsp;AnimaCoeur, avec nos amis&nbsp;Annie Stone, la marraine de l\u2019Association et son \u00e9poux Mario&nbsp;d\u2019Alba, notre parrain de c\u0153ur, aux c\u00f4t\u00e9s de&nbsp;Renaud Siry qui a ce soir l\u00e0, d\u00e9laiss\u00e9 ses chansons et ses musiciens pour rev\u00eatir son costume de directeur de la Communication d\u2019AnimaC\u0153ur devant sa compagne&nbsp;Patricia Dor\u00e9 la Pr\u00e9sidente de l\u2019Association.<\/p>\n\n\n\n<p class=\"has-foreground-color has-text-color has-link-color has-medium-font-size wp-elements-f2a8fb786c1c5022af24befb59b731db\">La Mairie de Courbevoie, partenaire&nbsp;d\u2019AnimaC\u0153ur,&nbsp;\u00e9tait bien repr\u00e9sent\u00e9e par ses Adjoints et Conseillers Municipaux.<\/p>\n<\/div><\/div>\n<\/div>\n<\/div>\n<\/div>\n\n\n\n<hr class=\"wp-block-separator has-alpha-channel-opacity is-style-wide\" style=\"margin-top:0;margin-bottom:0\"\/>\n\n\n\n<p class=\"has-text-align-center\"><strong>Le bureau<\/strong><\/p>\n\n\n\n<figure class=\"wp-block-table is-style-regular has-medium-font-size\"><table class=\"has-border-color-background-color has-background has-fixed-layout\"><tbody><tr><td class=\"has-text-align-center\" data-align=\"center\">Patricia Dor\u00e9<\/td><td class=\"has-text-align-center\" data-align=\"center\">Marie-Christine Buret<\/td><td class=\"has-text-align-center\" data-align=\"center\">Fran\u00e7oise Mithouard<\/td><td class=\"has-text-align-center\" data-align=\"center\">Christine L.<\/td><\/tr><tr><td class=\"has-text-align-center\" data-align=\"center\">Co-<em>Pr\u00e9sidente<\/em><\/td><td class=\"has-text-align-center\" data-align=\"center\"><em>Co-Pr\u00e9sidente<\/em><br><em>Tr\u00e9sori\u00e8re<\/em><\/td><td class=\"has-text-align-center\" data-align=\"center\"><em>Secr\u00e9taire<\/em><\/td><td class=\"has-text-align-center\" data-align=\"center\"><em>Secr\u00e9taire adjointe<br>Responsable des adoptions<\/em><\/td><\/tr><\/tbody><\/table><\/figure>\n\n\n\n<p class=\"has-text-align-center\"><strong>Les responsables<\/strong><\/p>\n\n\n\n<figure class=\"wp-block-table has-medium-font-size\"><table class=\"has-border-color-background-color has-background has-fixed-layout\"><tbody><tr><td class=\"has-text-align-center\" data-align=\"center\">Dominique B.<\/td><td class=\"has-text-align-center\" data-align=\"center\">Isabelle G.<\/td><td class=\"has-text-align-center\" data-align=\"center\">Renaud Siry<\/td><td class=\"has-text-align-center\" data-align=\"center\">BSmax<\/td><\/tr><tr><td class=\"has-text-align-center\" data-align=\"center\"><em><em>Charg\u00e9e d&rsquo;adoption et de famille d&rsquo;accueil<\/em><\/em><\/td><td class=\"has-text-align-center\" data-align=\"center\"><em>Community manager<\/em><\/td><td class=\"has-text-align-center\" data-align=\"center\"><em>Charg\u00e9 de la communication externe<\/em><\/td><td class=\"has-text-align-center\" data-align=\"center\"><em><a href=\"https:\/\/www.bsmax.fr\/?page_id=51\" target=\"_blank\" rel=\"noreferrer noopener\">Webmaster<\/a><\/em><\/td><\/tr><\/tbody><\/table><\/figure>\n\n\n\n<p class=\"has-text-align-center\"><strong>Et tous nos d\u00e9vou\u00e9s b\u00e9n\u00e9voles et familles d&rsquo;accueil<\/strong><br><strong>qui \u0153uvrent au quotidien pour le bien \u00eatre de nos chats !<\/strong><\/p>\n\n\n\n<hr class=\"wp-block-separator has-alpha-channel-opacity is-style-wide\"\/>\n\n\n\n<div class=\"wp-block-cover aligncenter has-custom-content-position is-position-bottom-center wp-duotone-unset-1\"><span aria-hidden=\"true\" class=\"wp-block-cover__background has-background-dim-20 has-background-dim\"><\/span><img loading=\"lazy\" decoding=\"async\" width=\"1024\" height=\"768\" class=\"wp-block-cover__image-background wp-image-309\" alt=\"\" src=\"https:\/\/animacoeur.org\/wp-content\/uploads\/2023\/12\/20220924_170123-1024x768.jpg\" style=\"object-position:50% 0%\" data-object-fit=\"cover\" data-object-position=\"50% 0%\" srcset=\"https:\/\/animacoeur.org\/wp-content\/uploads\/2023\/12\/20220924_170123-1024x768.jpg 1024w, https:\/\/animacoeur.org\/wp-content\/uploads\/2023\/12\/20220924_170123-300x225.jpg 300w, https:\/\/animacoeur.org\/wp-content\/uploads\/2023\/12\/20220924_170123-768x576.jpg 768w, https:\/\/animacoeur.org\/wp-content\/uploads\/2023\/12\/20220924_170123-1536x1152.jpg 1536w, https:\/\/animacoeur.org\/wp-content\/uploads\/2023\/12\/20220924_170123-2048x1536.jpg 2048w\" sizes=\"auto, (max-width: 1024px) 100vw, 1024px\" \/><div class=\"wp-block-cover__inner-container is-layout-flow wp-block-cover-is-layout-flow\">\n<p class=\"has-text-align-center has-upper-heading-font-size\" style=\"margin-top:0;margin-bottom:0\">Mimi, la mascotte d&rsquo;Animac\u0153ur.<br>Le premier chat \u00e0 avoir inaugur\u00e9 notre structure d&rsquo;accueil en mai 2015.<\/p>\n<\/div><\/div>\n<\/div>\n<\/main>\n","protected":false},"excerpt":{"rendered":"<p>Qui sommes-nous ? C\u2019\u00e9tait le 17 f\u00e9vrier 2011 \u00e0 la Salle des F\u00eates de Courbevoie. Un beau lancement pour&nbsp;AnimaCoeur, avec nos amis&nbsp;Annie Stone, la marraine de l\u2019Association et son \u00e9poux Mario&nbsp;d\u2019Alba, notre parrain de c\u0153ur, aux c\u00f4t\u00e9s de&nbsp;Renaud Siry qui a ce soir l\u00e0, d\u00e9laiss\u00e9 ses chansons et ses musiciens pour rev\u00eatir son costume de [&hellip;]<\/p>\n","protected":false},"author":1,"featured_media":0,"parent":37,"menu_order":0,"comment_status":"closed","ping_status":"closed","template":"","meta":{"footnotes":""},"class_list":["post-186","page","type-page","status-publish","hentry"],"_links":{"self":[{"href":"https:\/\/animacoeur.org\/index.php\/wp-json\/wp\/v2\/pages\/186","targetHints":{"allow":["GET"]}}],"collection":[{"href":"https:\/\/animacoeur.org\/index.php\/wp-json\/wp\/v2\/pages"}],"about":[{"href":"https:\/\/animacoeur.org\/index.php\/wp-json\/wp\/v2\/types\/page"}],"author":[{"embeddable":true,"href":"https:\/\/animacoeur.org\/index.php\/wp-json\/wp\/v2\/users\/1"}],"replies":[{"embeddable":true,"href":"https:\/\/animacoeur.org\/index.php\/wp-json\/wp\/v2\/comments?post=186"}],"version-history":[{"count":25,"href":"https:\/\/animacoeur.org\/index.php\/wp-json\/wp\/v2\/pages\/186\/revisions"}],"predecessor-version":[{"id":1890,"href":"https:\/\/animacoeur.org\/index.php\/wp-json\/wp\/v2\/pages\/186\/revisions\/1890"}],"up":[{"embeddable":true,"href":"https:\/\/animacoeur.org\/index.php\/wp-json\/wp\/v2\/pages\/37"}],"wp:attachment":[{"href":"https:\/\/animacoeur.org\/index.php\/wp-json\/wp\/v2\/media?parent=186"}],"curies":[{"name":"wp","href":"https:\/\/api.w.org\/{rel}","templated":true}]}}